{"id":3541,"date":"2022-08-14T10:56:08","date_gmt":"2022-08-14T09:56:08","guid":{"rendered":"https:\/\/tinypopup.de\/?post_type=tribe_events&#038;p=3541"},"modified":"2022-08-22T10:45:13","modified_gmt":"2022-08-22T08:45:13","slug":"tiny-house-erlebnistag","status":"publish","type":"tribe_events","link":"https:\/\/tinypopup.de\/tiny-house-muenchen\/event\/tiny-house-erlebnistag\/","title":{"rendered":"Tiny House Erlebnistag"},"content":{"rendered":"<div class=\"entry-content\">\n<p><img data-recalc-dims=\"1\" decoding=\"async\" class=\"lazyload wp-image-3649 size-medium alignright\" src=\"https:\/\/i0.wp.com\/tinypopup.de\/wp-content\/uploads\/2022\/08\/tiny-house-erlebnistag-im-tiny-popup-mu%CC%88nchen.webp?resize=300%2C169&#038;ssl=1\" data-orig-src=\"https:\/\/tinypopup.de\/wp-content\/uploads\/2022\/08\/tiny-house-erlebnistag-im-tiny-popup-mu\u0308nchen-300x169.webp\" alt=\"\" width=\"300\" height=\"169\" srcset=\"data:image\/svg+xml,%3Csvg%20xmlns%3D%27http%3A%2F%2Fwww.w3.org%2F2000%2Fsvg%27%20width%3D%27300%27%20height%3D%27169%27%20viewBox%3D%270%200%20300%20169%27%3E%3Crect%20width%3D%27300%27%20height%3D%27169%27%20fill-opacity%3D%220%22%2F%3E%3C%2Fsvg%3E\" data-srcset=\"https:\/\/i0.wp.com\/tinypopup.de\/wp-content\/uploads\/2022\/08\/tiny-house-erlebnistag-im-tiny-popup-mu%CC%88nchen.webp?resize=200%2C112&amp;ssl=1 200w, https:\/\/i0.wp.com\/tinypopup.de\/wp-content\/uploads\/2022\/08\/tiny-house-erlebnistag-im-tiny-popup-mu%CC%88nchen.webp?resize=300%2C169&amp;ssl=1 300w, https:\/\/i0.wp.com\/tinypopup.de\/wp-content\/uploads\/2022\/08\/tiny-house-erlebnistag-im-tiny-popup-mu%CC%88nchen.webp?resize=400%2C225&amp;ssl=1 400w, https:\/\/i0.wp.com\/tinypopup.de\/wp-content\/uploads\/2022\/08\/tiny-house-erlebnistag-im-tiny-popup-mu%CC%88nchen.webp?resize=600%2C337&amp;ssl=1 600w, https:\/\/i0.wp.com\/tinypopup.de\/wp-content\/uploads\/2022\/08\/tiny-house-erlebnistag-im-tiny-popup-mu%CC%88nchen.webp?w=676&amp;ssl=1 676w\" data-sizes=\"auto\" data-orig-sizes=\"(max-width: 300px) 100vw, 300px\" \/><\/p>\n<p>Am 17.9. veranstalten wir gemeinsam mit <a href=\"http:\/\/tinyon.de\/\" target=\"_blank\" rel=\"noopener\">Tinyon<\/a> einen Tiny House Erlebnistag! An diesem prall gef\u00fcllten Tag k\u00f6nnt ihr <a href=\"https:\/\/tinypopup.de\/tiny-popup-pullach-und-tiny-dahome\/\">unser Tiny House<\/a> live erleben und erfahrt in spannenden Impulsvortr\u00e4gen und Diskussionen mehr zu folgenden Themen:<\/p>\n<\/div>\n<div class=\"entry-content\">\n<h3><strong>10-12 Uhr: \u201eTiny House Erfolgsgeschichten\u201c<\/strong><\/h3>\n<ul>\n<li>\u201eDer erfolgreiche Weg ins Tiny House \u2013 wie nach 14.000 km Grundst\u00fcckssuche der Traum zum greifen nah ist\u201c Chris und Caro berichten von ihrem \u201esteinigen\u201c Weg und wie sie die Herausforderungen zum erfolgreichen Bauantrag gemeistert haben<\/li>\n<li>In der zweiten Erfolgsgeschichte blicken Felicia und Jonas auf \u00fcber 3 Jahre Erfahrung Tiny Living im M\u00fcnchner Raum und ihre politische Arbeit zur\u00fcck<\/li>\n<li>Tiny House F\u00fchrung (Innen- und Au\u00dfenbereich)<\/li>\n<li>Offene Fragerunde<\/li>\n<\/ul>\n<h3><strong>Mittag:<\/strong><\/h3>\n<ul>\n<li>Das <a href=\"https:\/\/www.tirolese.de\/\" target=\"_blank\" rel=\"noopener\">Caf\u00e9 \u201eTirolese\u201c<\/a> gleich ums Eck bietet leckere Snacks zum dort Essen oder Mitnehmen<\/li>\n<li>M\u00f6glichkeit zum Austausch und der Vernetzung<\/li>\n<\/ul>\n<h3><strong>14-16 Uhr: \u201eNachhaltigkeit\u201c<\/strong><\/h3>\n<ul>\n<li>Vortrag von Felicia und Jonas zu \u201eRessourcen sparen durch Tiny Living \u2013 Was kann man vom kleinen Haus aufs gro\u00dfe Ganze \u00fcbertragen?\u201c mit anschlie\u00dfender Diskussion<\/li>\n<li>Tiny House F\u00fchrung (Innen- und Au\u00dfenbereich)<\/li>\n<\/ul>\n<p><strong>+++ Um auch in Zukunft Veranstaltungen dieser Art anbieten zu k\u00f6nnen, freuen wir uns \u00fcber eure Spenden. Richtwert f\u00fcr einen halben Tag 15 \u20ac\/f\u00fcr den ganzen Tag 20 \u20ac. +++<\/strong><\/p>\n<p>Zur kostenfreien Anmeldung f\u00fcr das Meetup sagt uns doch einfach \u00fcber die Tiny House Regionalgruppe Bayern zu<strong>:<\/strong><\/p>\n<div class=\"fusion-align-block\"><style>.fusion-button.button-1{border-radius:0px 0px 0px 0px;}<\/style><a class=\"fusion-button button-flat fusion-button-default-size button-default button-1 fusion-button-default-span fusion-button-default-type\" target=\"_self\" href=\"https:\/\/www.meetup.com\/de-DE\/tiny-house-bayern\/events\/287701981\/\" rel=\"noopener\"><span class=\"fusion-button-text\">zur Anmeldung<\/span><\/a><\/div>\n<p>Beste Gr\u00fc\u00dfe und tinyon! <img decoding=\"async\" class=\"lazyload emoji\" role=\"img\" draggable=\"false\" src=\"data:image\/gif;base64,R0lGODlhAQABAAAAACH5BAEKAAEALAAAAAABAAEAAAICTAEAOw==\" data-orig-src=\"https:\/\/s.w.org\/images\/core\/emoji\/14.0.0\/svg\/1f4aa.svg\" alt=\"&#x1f4aa;\" \/> Chris, Caro, Felicia und Jonas<\/p>\n<\/div>\n","protected":false},"excerpt":{"rendered":"<p>Am 17.9. veranstalten wir gemeinsam mit Tinyon einen Tiny House Erlebnistag! An diesem prall gef\u00fcllten Tag k\u00f6nnt ihr unser Tiny House live erleben und erfahrt in spannenden Impulsvortr\u00e4gen und Diskussionen mehr zu folgenden Themen: 10-12 Uhr: \u201eTiny House Erfolgsgeschichten\u201c \u201eDer erfolgreiche Weg ins Tiny House \u2013 wie nach 14.000 km Grundst\u00fcckssuche der Traum zum greifen [&hellip;]<\/p>\n","protected":false},"author":1,"featured_media":3486,"template":"","meta":{"_tribe_events_status":"","_tribe_events_status_reason":"","footnotes":""},"tags":[],"tribe_events_cat":[79,101,100],"class_list":["post-3541","tribe_events","type-tribe_events","status-publish","has-post-thumbnail","hentry","tribe_events_cat-tiny-popup-pullach","tribe_events_cat-nachhaltigkeit","tribe_events_cat-wohnen","cat_tiny-popup-pullach","cat_nachhaltigkeit","cat_wohnen"],"jetpack_sharing_enabled":true,"_links":{"self":[{"href":"https:\/\/tinypopup.de\/tiny-house-muenchen\/wp-json\/wp\/v2\/tribe_events\/3541","targetHints":{"allow":["GET"]}}],"collection":[{"href":"https:\/\/tinypopup.de\/tiny-house-muenchen\/wp-json\/wp\/v2\/tribe_events"}],"about":[{"href":"https:\/\/tinypopup.de\/tiny-house-muenchen\/wp-json\/wp\/v2\/types\/tribe_events"}],"author":[{"embeddable":true,"href":"https:\/\/tinypopup.de\/tiny-house-muenchen\/wp-json\/wp\/v2\/users\/1"}],"version-history":[{"count":0,"href":"https:\/\/tinypopup.de\/tiny-house-muenchen\/wp-json\/wp\/v2\/tribe_events\/3541\/revisions"}],"wp:featuredmedia":[{"embeddable":true,"href":"https:\/\/tinypopup.de\/tiny-house-muenchen\/wp-json\/wp\/v2\/media\/3486"}],"wp:attachment":[{"href":"https:\/\/tinypopup.de\/tiny-house-muenchen\/wp-json\/wp\/v2\/media?parent=3541"}],"wp:term":[{"taxonomy":"post_tag","embeddable":true,"href":"https:\/\/tinypopup.de\/tiny-house-muenchen\/wp-json\/wp\/v2\/tags?post=3541"},{"taxonomy":"tribe_events_cat","embeddable":true,"href":"https:\/\/tinypopup.de\/tiny-house-muenchen\/wp-json\/wp\/v2\/tribe_events_cat?post=3541"}],"curies":[{"name":"wp","href":"https:\/\/api.w.org\/{rel}","templated":true}]}}