{"id":3550,"date":"2022-08-17T10:55:31","date_gmt":"2022-08-17T08:55:31","guid":{"rendered":"https:\/\/tinypopup.de\/?post_type=tribe_events&#038;p=3550"},"modified":"2022-10-06T16:09:33","modified_gmt":"2022-10-06T14:09:33","slug":"felicia-und-jonas-im-persoenlichen-gespraech","status":"publish","type":"tribe_events","link":"https:\/\/tinypopup.de\/tiny-house-muenchen\/event\/felicia-und-jonas-im-persoenlichen-gespraech\/","title":{"rendered":"Felicia &#038; Jonas im pers\u00f6nlichen Gespr\u00e4ch"},"content":{"rendered":"<p>Felicia Rief und Jonas Bischofberger vom Tiny PopUp M\u00fcnchen Pullach leben seit \u00fcber drei Jahren im Tiny House und machen Umweltl\u00f6sungen durch ihr Projekt erlebbar. Von der Nutzung der Sonne f\u00fcr W\u00e4rme und Strom \u00fcber grauwassergef\u00fchrte Fassadenbegr\u00fcnung bis hin zur Schonung unserer lebenswichtigen Ressourcen Wasser, Energie und Boden: was k\u00f6nnen wir von einem minimalistischen Leben im Tiny House auf unseren Alltag \u00fcbertragen? Und wo k\u00f6nnte Tiny Living im urbanen Bereich ein Gewinn sein f\u00fcr Gesellschaft und Umwelt? Felicia und Jonas stellen am <strong>Samstag, den 22. Oktober von 13 bis 14.30 Uhr<\/strong> im pers\u00f6nlichen Gespr\u00e4ch mit den Ausstellungsbesucher*innen ihr Projekt vor und erz\u00e4hlen von ihren L\u00f6sungen im Kleinen, die das gro\u00dfe Ganze im Blick haben.<\/p>\n","protected":false},"excerpt":{"rendered":"<p>Felicia Rief und Jonas Bischofberger vom Tiny PopUp M\u00fcnchen Pullach leben seit \u00fcber drei Jahren im Tiny House und machen Umweltl\u00f6sungen durch ihr Projekt erlebbar. Von der Nutzung der Sonne f\u00fcr W\u00e4rme und Strom \u00fcber grauwassergef\u00fchrte Fassadenbegr\u00fcnung bis hin zur Schonung unserer lebenswichtigen Ressourcen Wasser, Energie und Boden: was k\u00f6nnen wir von einem minimalistischen Leben [&hellip;]<\/p>\n","protected":false},"author":1,"featured_media":3586,"template":"","meta":{"_tribe_events_status":"","_tribe_events_status_reason":"","footnotes":""},"tags":[],"tribe_events_cat":[101,79],"class_list":["post-3550","tribe_events","type-tribe_events","status-publish","has-post-thumbnail","hentry","tribe_events_cat-nachhaltigkeit","tribe_events_cat-tiny-popup-pullach","cat_nachhaltigkeit","cat_tiny-popup-pullach"],"jetpack_sharing_enabled":true,"_links":{"self":[{"href":"https:\/\/tinypopup.de\/tiny-house-muenchen\/wp-json\/wp\/v2\/tribe_events\/3550","targetHints":{"allow":["GET"]}}],"collection":[{"href":"https:\/\/tinypopup.de\/tiny-house-muenchen\/wp-json\/wp\/v2\/tribe_events"}],"about":[{"href":"https:\/\/tinypopup.de\/tiny-house-muenchen\/wp-json\/wp\/v2\/types\/tribe_events"}],"author":[{"embeddable":true,"href":"https:\/\/tinypopup.de\/tiny-house-muenchen\/wp-json\/wp\/v2\/users\/1"}],"version-history":[{"count":0,"href":"https:\/\/tinypopup.de\/tiny-house-muenchen\/wp-json\/wp\/v2\/tribe_events\/3550\/revisions"}],"wp:featuredmedia":[{"embeddable":true,"href":"https:\/\/tinypopup.de\/tiny-house-muenchen\/wp-json\/wp\/v2\/media\/3586"}],"wp:attachment":[{"href":"https:\/\/tinypopup.de\/tiny-house-muenchen\/wp-json\/wp\/v2\/media?parent=3550"}],"wp:term":[{"taxonomy":"post_tag","embeddable":true,"href":"https:\/\/tinypopup.de\/tiny-house-muenchen\/wp-json\/wp\/v2\/tags?post=3550"},{"taxonomy":"tribe_events_cat","embeddable":true,"href":"https:\/\/tinypopup.de\/tiny-house-muenchen\/wp-json\/wp\/v2\/tribe_events_cat?post=3550"}],"curies":[{"name":"wp","href":"https:\/\/api.w.org\/{rel}","templated":true}]}}